{"id":411,"date":"2022-10-29T14:38:37","date_gmt":"2022-10-29T14:38:37","guid":{"rendered":"https:\/\/relaunch2022.asvi.at\/?page_id=411"},"modified":"2026-04-27T14:19:01","modified_gmt":"2026-04-27T14:19:01","slug":"leichtathletik-gymnastik","status":"publish","type":"page","link":"https:\/\/asvi.at\/index.php\/leichtathletik-gymnastik\/","title":{"rendered":"Leichtathletik &#038; Gymnastik"},"content":{"rendered":"\n<h3 class=\"wp-block-heading\">Unser Trainingsangebot:<\/h3>\n\n\n\n<p><\/p>\n\n\n\n<h2 class=\"wp-block-heading\">Damenturnen<\/h2>\n\n\n\n<p>Bauch Beine Po und Co, abwechslungsreiche Turneinheiten speziell f\u00fcr die angesprochenen K\u00f6rperzonen mit ausgebildeter \u201eFit f\u00fcr \u00d6sterreich\u201c Trainerin Margit.<\/p>\n\n\n\n<p>Ort: Turnhalle&nbsp;Neue Mittelschule&nbsp;Inzing immer am Montag &#8211; von Oktober bis Ende April um 19:30 Uhr <\/p>\n\n\n\n<hr class=\"wp-block-separator aligncenter has-alpha-channel-opacity\"\/>\n\n\n\n<div style=\"height:30px\" aria-hidden=\"true\" class=\"wp-block-spacer\"><\/div>\n\n\n\n<h2 class=\"wp-block-heading\">Herrenturnen<\/h2>\n\n\n\n<p>Fit durchs Jahr. Herrenturnen,&nbsp;Ganzk\u00f6rpergymnastik f\u00fcr Jung und Alt mit &#8222;Fit f\u00fcr \u00d6sterreich&#8220; Trainer Herbert. Zur Abrundung der Trainingseinheiten werden&nbsp;Ballspiele durchgef\u00fchrt.<\/p>\n\n\n\n<p>Ort: Turnhalle Neue Mittelschule Inzing immer am Montag &#8211; von Oktober bis Ende April um 20:15 Uhr<\/p>\n\n\n\n<hr class=\"wp-block-separator aligncenter has-alpha-channel-opacity\"\/>\n\n\n\n<div style=\"height:30px\" aria-hidden=\"true\" class=\"wp-block-spacer\"><\/div>\n\n\n\n<h2 class=\"wp-block-heading\">ausgebucht &#8211; Nachwuchs &#8211; Kinderturnen &#8211; ausgebucht<\/h2>\n\n\n\n<p>Nachwuchstraining mit Felix und Emanuel am Donnerstag (w\u00e4hrend den Schulzeiten) von 18:00 bis 19:00 Uhr im Mehrzwecksaal der Volksschule. F\u00fcr Kinder von sechs bis zw\u00f6lf Jahren. Neuanmeldungen sind auch jeweils bei den Trainingseinheiten m\u00f6glich.<\/p>\n\n\n\n<p><strong>Aufgrund des gro\u00dfen Andrangs k\u00f6nnen wir keine neuen Anmeldungen entgegen nehmen &#8211; alle verf\u00fcgbaren Pl\u00e4tze sind ausgebucht!<\/strong><\/p>\n\n\n\n<hr class=\"wp-block-separator aligncenter has-alpha-channel-opacity\"\/>\n\n\n\n<p><\/p>\n\n\n\n<h2 class=\"wp-block-heading\">Jugend &#8211; Mittwochstraining<\/h2>\n\n\n\n<p>F\u00fcr alle sportlichen Jugendlichen ab zw\u00f6lf Jahren jeden Mittwoch von 18:30 bis 20:00 Uhr im Gymnastiksaal in der NMS in Inzing bzw. in den Sommermonaten im Freien (auf der Leichtathletik-Anlage oder im Gel\u00e4nde); Treffpunkt beim Gymnastiksaal bzw. in den warmen Monaten bei der Laufbahn.<\/p>\n\n\n\n<hr class=\"wp-block-separator has-alpha-channel-opacity\"\/>\n\n\n\n<p><\/p>\n\n\n\n<h2 class=\"wp-block-heading\">Hammerwurf<\/h2>\n\n\n\n<p>F\u00fcr alle Hammerwurf-Interessierten immer freitags von 17:00 bis 18:30 Uhr beim Hammerwurfplatz am oberen Fu\u00dfballplatz bzw. im Winter in unserem Kraftraum. Unsere Trainerin Elena freut sich \u00fcber begeisterte Hammerwerfer und jene, die es noch werden wollen.<\/p>\n\n\n\n<hr class=\"wp-block-separator has-alpha-channel-opacity\"\/>\n\n\n\n<p><\/p>\n\n\n\n<div class=\"wp-block-columns is-layout-flex wp-container-core-columns-is-layout-9d6595d7 wp-block-columns-is-layout-flex\">\n<div class=\"wp-block-column is-layout-flow wp-block-column-is-layout-flow\">\n<h2 class=\"wp-block-heading\">Bankverbindung<\/h2>\n\n\n\n<p>ASVI Sektion Leichtathletik-Gymnastik: AT72 3633 6000 0772 6243<\/p>\n<\/div>\n<\/div>\n\n\n\n<hr class=\"wp-block-separator aligncenter has-alpha-channel-opacity\"\/>\n\n\n\n<div style=\"height:30px\" aria-hidden=\"true\" class=\"wp-block-spacer\"><\/div>\n\n\n\n<h2 class=\"wp-block-heading has-text-align-center\">Leichtathletik News<\/h2>\n\n\n\n<div class=\"wp-block-stackable-posts stk-block-posts stk-block stk-ff0a10c is-style-default\" data-v=\"2\" data-block-id=\"ff0a10c\"><style>.stk-ff0a10c .stk-img-wrapper{width:100% !important;height:200px !important}.stk-ff0a10c{--stk-columns:4 !important}@media screen and (max-width:767px){.stk-ff0a10c .stk-img-wrapper{height:50px !important}}<\/style><div class=\"stk-inner-blocks stk-content-align stk-ff0a10c-column\"><div class=\"stk-block-posts__items\"><div class=\"stk-block-posts__item\"><div class=\"stk-container stk-ff0a10c-container stk--no-background stk--no-padding\"><article><a href=\"https:\/\/asvi.at\/index.php\/2025\/11\/27\/jahresbericht-2025\/\" class=\"stk-block-posts__image-link\"><\/a><h3 class=\"stk-block-posts__title\"><a href='https:\/\/asvi.at\/index.php\/2025\/11\/27\/jahresbericht-2025\/'>Jahresbericht 2025<\/a><\/h3><aside class=\"stk-block-posts__meta stk-subtitle\"><span>Birgit<\/span><span class=\"stk-block-posts__meta-sep\">|<\/span><time datetime=\"2025-11-27T06:13:03+00:00\">November 27, 2025<\/time><\/aside><div class=\"stk-block-posts__excerpt\"><p>Nachfolgend findet ihr unseren Jahresbericht 2025 zum Nachlesen: Jahresbericht-ASVI-2025Herunterladen<\/p>\n<\/div><a class=\"stk-block-posts__readmore\" href=\"https:\/\/asvi.at\/index.php\/2025\/11\/27\/jahresbericht-2025\/\">Weiterlesen &gt;&gt;<\/a><\/article><\/div><\/div><div class=\"stk-block-posts__item\"><div class=\"stk-container stk-ff0a10c-container stk--no-background stk--no-padding\"><article><a href=\"https:\/\/asvi.at\/index.php\/2025\/11\/07\/einladung-aufruf\/\" class=\"stk-block-posts__image-link\"><\/a><h3 class=\"stk-block-posts__title\"><a href='https:\/\/asvi.at\/index.php\/2025\/11\/07\/einladung-aufruf\/'>Einladung &#8211; Aufruf<\/a><\/h3><aside class=\"stk-block-posts__meta stk-subtitle\"><span>Birgit<\/span><span class=\"stk-block-posts__meta-sep\">|<\/span><time datetime=\"2025-11-07T14:16:24+00:00\">November 7, 2025<\/time><\/aside><div class=\"stk-block-posts__excerpt\"><p>Liebe Vereinsmitglieder, der ASVI l\u00e4dt euch herzlich zur Hauptversammlung am&#8230;<\/div><a class=\"stk-block-posts__readmore\" href=\"https:\/\/asvi.at\/index.php\/2025\/11\/07\/einladung-aufruf\/\">Weiterlesen &gt;&gt;<\/a><\/article><\/div><\/div><div class=\"stk-block-posts__item\"><div class=\"stk-container stk-ff0a10c-container stk--no-background stk--no-padding\"><article><a href=\"https:\/\/asvi.at\/index.php\/2025\/09\/03\/herbst-winterangebot-der-sektion-la-gym\/\" class=\"stk-block-posts__image-link\"><\/a><h3 class=\"stk-block-posts__title\"><a href='https:\/\/asvi.at\/index.php\/2025\/09\/03\/herbst-winterangebot-der-sektion-la-gym\/'>Herbst-Winterangebot der Sektion LA-Gym<\/a><\/h3><aside class=\"stk-block-posts__meta stk-subtitle\"><span>Birgit<\/span><span class=\"stk-block-posts__meta-sep\">|<\/span><time datetime=\"2025-09-03T12:07:27+00:00\">September 3, 2025<\/time><\/aside><div class=\"stk-block-posts__excerpt\"><p>Mit Freude k\u00f6nnen wir euch nun wieder ein umfangreiches Angebot&#8230;<\/div><a class=\"stk-block-posts__readmore\" href=\"https:\/\/asvi.at\/index.php\/2025\/09\/03\/herbst-winterangebot-der-sektion-la-gym\/\">Weiterlesen &gt;&gt;<\/a><\/article><\/div><\/div><div class=\"stk-block-posts__item\"><div class=\"stk-container stk-ff0a10c-container stk--no-background stk--no-padding\"><article><a href=\"https:\/\/asvi.at\/index.php\/2025\/03\/22\/tirol-radelt-und-wir-radeln-mit\/\" class=\"stk-block-posts__image-link\"><\/a><h3 class=\"stk-block-posts__title\"><a href='https:\/\/asvi.at\/index.php\/2025\/03\/22\/tirol-radelt-und-wir-radeln-mit\/'>Tirol radelt und wir radeln mit<\/a><\/h3><aside class=\"stk-block-posts__meta stk-subtitle\"><span>Birgit<\/span><span class=\"stk-block-posts__meta-sep\">|<\/span><time datetime=\"2025-03-22T09:16:11+00:00\">M\u00e4rz 22, 2025<\/time><\/aside><div class=\"stk-block-posts__excerpt\"><p>&nbsp;Jetzt f\u00fcr den ASV Inzing bei \u201eTirol radelt\u201c 2025 mitradeln!&#8230;<\/div><a class=\"stk-block-posts__readmore\" href=\"https:\/\/asvi.at\/index.php\/2025\/03\/22\/tirol-radelt-und-wir-radeln-mit\/\">Weiterlesen &gt;&gt;<\/a><\/article><\/div><\/div><div class=\"stk-block-posts__item\"><div class=\"stk-container stk-ff0a10c-container stk--no-background stk--no-padding\"><article><a href=\"https:\/\/asvi.at\/index.php\/2024\/10\/29\/verleihung-ehrenmitgliedschaft\/\" class=\"stk-block-posts__image-link\"><\/a><h3 class=\"stk-block-posts__title\"><a href='https:\/\/asvi.at\/index.php\/2024\/10\/29\/verleihung-ehrenmitgliedschaft\/'>Verleihung Ehrenmitgliedschaft<\/a><\/h3><aside class=\"stk-block-posts__meta stk-subtitle\"><span>Birgit<\/span><span class=\"stk-block-posts__meta-sep\">|<\/span><time datetime=\"2024-10-29T18:12:24+00:00\">Oktober 29, 2024<\/time><\/aside><div class=\"stk-block-posts__excerpt\"><p>Im vollen 10er-Saal durften wir am Samstag, den 26. Oktober&#8230;<\/div><a class=\"stk-block-posts__readmore\" href=\"https:\/\/asvi.at\/index.php\/2024\/10\/29\/verleihung-ehrenmitgliedschaft\/\">Weiterlesen &gt;&gt;<\/a><\/article><\/div><\/div><div class=\"stk-block-posts__item\"><div class=\"stk-container stk-ff0a10c-container stk--no-background stk--no-padding\"><article><a href=\"https:\/\/asvi.at\/index.php\/2024\/10\/28\/jahresbericht-2024\/\" class=\"stk-block-posts__image-link\"><\/a><h3 class=\"stk-block-posts__title\"><a href='https:\/\/asvi.at\/index.php\/2024\/10\/28\/jahresbericht-2024\/'>Jahresbericht 2024<\/a><\/h3><aside class=\"stk-block-posts__meta stk-subtitle\"><span>Birgit<\/span><span class=\"stk-block-posts__meta-sep\">|<\/span><time datetime=\"2024-10-28T19:04:35+00:00\">Oktober 28, 2024<\/time><\/aside><div class=\"stk-block-posts__excerpt\"><p>Liebe Vereinsmitglieder, im Anhang findet ihr den Jahresbericht 2024, der&#8230;<\/div><a class=\"stk-block-posts__readmore\" href=\"https:\/\/asvi.at\/index.php\/2024\/10\/28\/jahresbericht-2024\/\">Weiterlesen &gt;&gt;<\/a><\/article><\/div><\/div><div class=\"stk-block-posts__item\"><div class=\"stk-container stk-ff0a10c-container stk--no-background stk--no-padding\"><article><a href=\"https:\/\/asvi.at\/index.php\/2024\/10\/02\/hauptversammlung-2024-mit-ehrung\/\" class=\"stk-block-posts__image-link\"><\/a><h3 class=\"stk-block-posts__title\"><a href='https:\/\/asvi.at\/index.php\/2024\/10\/02\/hauptversammlung-2024-mit-ehrung\/'>Hauptversammlung 2024 mit Ehrung<\/a><\/h3><aside class=\"stk-block-posts__meta stk-subtitle\"><span>Birgit<\/span><span class=\"stk-block-posts__meta-sep\">|<\/span><time datetime=\"2024-10-02T15:23:44+00:00\">Oktober 2, 2024<\/time><\/aside><div class=\"stk-block-posts__excerpt\"><p>Aushang-2024Herunterladen<\/p>\n<\/div><a class=\"stk-block-posts__readmore\" href=\"https:\/\/asvi.at\/index.php\/2024\/10\/02\/hauptversammlung-2024-mit-ehrung\/\">Weiterlesen &gt;&gt;<\/a><\/article><\/div><\/div><div class=\"stk-block-posts__item\"><div class=\"stk-container stk-ff0a10c-container stk--no-background stk--no-padding\"><article><a href=\"https:\/\/asvi.at\/index.php\/2024\/09\/11\/trainingsangebot-ab-oktober-2024\/\" class=\"stk-block-posts__image-link\"><\/a><h3 class=\"stk-block-posts__title\"><a href='https:\/\/asvi.at\/index.php\/2024\/09\/11\/trainingsangebot-ab-oktober-2024\/'>Trainingsangebote ab Oktober 2024<\/a><\/h3><aside class=\"stk-block-posts__meta stk-subtitle\"><span>Birgit<\/span><span class=\"stk-block-posts__meta-sep\">|<\/span><time datetime=\"2024-09-11T12:24:20+00:00\">September 11, 2024<\/time><\/aside><div class=\"stk-block-posts__excerpt\"><p>Lieber Vereinsmitglieder, endlich k\u00f6nnen wir euch \u00fcber unser aktuelles Trainingsangebot&#8230;<\/div><a class=\"stk-block-posts__readmore\" href=\"https:\/\/asvi.at\/index.php\/2024\/09\/11\/trainingsangebot-ab-oktober-2024\/\">Weiterlesen &gt;&gt;<\/a><\/article><\/div><\/div><div class=\"stk-block-posts__item\"><div class=\"stk-container stk-ff0a10c-container stk--no-background stk--no-padding\"><article><a href=\"https:\/\/asvi.at\/index.php\/2024\/03\/03\/angebot-sektion-leichtathletik-gymnastik\/\" class=\"stk-block-posts__image-link\"><\/a><h3 class=\"stk-block-posts__title\"><a href='https:\/\/asvi.at\/index.php\/2024\/03\/03\/angebot-sektion-leichtathletik-gymnastik\/'>Angebot Sektion Leichtathletik-Gymnastik<\/a><\/h3><aside class=\"stk-block-posts__meta stk-subtitle\"><span>Birgit<\/span><span class=\"stk-block-posts__meta-sep\">|<\/span><time datetime=\"2024-03-03T13:09:42+00:00\">M\u00e4rz 3, 2024<\/time><\/aside><div class=\"stk-block-posts__excerpt\"><p>Liebe Mitglieder, anbei findet ihr das aktuelle Schreiben der Sektion&#8230;<\/div><a class=\"stk-block-posts__readmore\" href=\"https:\/\/asvi.at\/index.php\/2024\/03\/03\/angebot-sektion-leichtathletik-gymnastik\/\">Weiterlesen &gt;&gt;<\/a><\/article><\/div><\/div><div class=\"stk-block-posts__item\"><div class=\"stk-container stk-ff0a10c-container stk--no-background stk--no-padding\"><article><a href=\"https:\/\/asvi.at\/index.php\/2024\/02\/06\/das-war-der-wintersporttag-2024\/\" class=\"stk-block-posts__image-link\"><\/a><h3 class=\"stk-block-posts__title\"><a href='https:\/\/asvi.at\/index.php\/2024\/02\/06\/das-war-der-wintersporttag-2024\/'>Das war der Wintersporttag 2024<\/a><\/h3><aside class=\"stk-block-posts__meta stk-subtitle\"><span>Birgit<\/span><span class=\"stk-block-posts__meta-sep\">|<\/span><time datetime=\"2024-02-06T16:57:02+00:00\">Februar 6, 2024<\/time><\/aside><div class=\"stk-block-posts__excerpt\"><p>Bericht-Wintersporttag-2024Herunterladen<\/p>\n<\/div><a class=\"stk-block-posts__readmore\" href=\"https:\/\/asvi.at\/index.php\/2024\/02\/06\/das-war-der-wintersporttag-2024\/\">Weiterlesen &gt;&gt;<\/a><\/article><\/div><\/div><div class=\"stk-block-posts__item\"><div class=\"stk-container stk-ff0a10c-container stk--no-background stk--no-padding\"><article><a href=\"https:\/\/asvi.at\/index.php\/2024\/01\/15\/1-inzinger-wintersporttag\/\" class=\"stk-block-posts__image-link\"><\/a><h3 class=\"stk-block-posts__title\"><a href='https:\/\/asvi.at\/index.php\/2024\/01\/15\/1-inzinger-wintersporttag\/'>1. Inzinger Wintersporttag<\/a><\/h3><aside class=\"stk-block-posts__meta stk-subtitle\"><span>Birgit<\/span><span class=\"stk-block-posts__meta-sep\">|<\/span><time datetime=\"2024-01-15T11:35:10+00:00\">Januar 15, 2024<\/time><\/aside><div class=\"stk-block-posts__excerpt\"><p>Wir freuen uns, euch zum ersten gemeinsamen Wintersporttag einladen zu&#8230;<\/div><a class=\"stk-block-posts__readmore\" href=\"https:\/\/asvi.at\/index.php\/2024\/01\/15\/1-inzinger-wintersporttag\/\">Weiterlesen &gt;&gt;<\/a><\/article><\/div><\/div><div class=\"stk-block-posts__item\"><div class=\"stk-container stk-ff0a10c-container stk--no-background stk--no-padding\"><article><a href=\"https:\/\/asvi.at\/index.php\/2023\/11\/26\/jahresbericht-2023\/\" class=\"stk-block-posts__image-link\"><\/a><h3 class=\"stk-block-posts__title\"><a href='https:\/\/asvi.at\/index.php\/2023\/11\/26\/jahresbericht-2023\/'>Jahresbericht 2023<\/a><\/h3><aside class=\"stk-block-posts__meta stk-subtitle\"><span>Birgit<\/span><span class=\"stk-block-posts__meta-sep\">|<\/span><time datetime=\"2023-11-26T14:26:18+00:00\">November 26, 2023<\/time><\/aside><div class=\"stk-block-posts__excerpt\"><p>Liebe Sportbegeisterte, liebe Freunde und Unterst\u00fctzer des ASVI, liebe Mitglieder,&#8230;<\/div><a class=\"stk-block-posts__readmore\" href=\"https:\/\/asvi.at\/index.php\/2023\/11\/26\/jahresbericht-2023\/\">Weiterlesen &gt;&gt;<\/a><\/article><\/div><\/div><div class=\"stk-block-posts__item\"><div class=\"stk-container stk-ff0a10c-container stk--no-background stk--no-padding\"><article><a href=\"https:\/\/asvi.at\/index.php\/2023\/10\/18\/kommunikation-ueber-vereinsplaner\/\" class=\"stk-block-posts__image-link\"><\/a><h3 class=\"stk-block-posts__title\"><a href='https:\/\/asvi.at\/index.php\/2023\/10\/18\/kommunikation-ueber-vereinsplaner\/'>Kommunikation \u00fcber Vereinsplaner<\/a><\/h3><aside class=\"stk-block-posts__meta stk-subtitle\"><span>Birgit<\/span><span class=\"stk-block-posts__meta-sep\">|<\/span><time datetime=\"2023-10-18T16:21:05+00:00\">Oktober 18, 2023<\/time><\/aside><div class=\"stk-block-posts__excerpt\"><p>Liebe Vereinsmitglieder, wir verwenden die App Vereinsplaner um unsere Veranstaltungen&#8230;<\/div><a class=\"stk-block-posts__readmore\" href=\"https:\/\/asvi.at\/index.php\/2023\/10\/18\/kommunikation-ueber-vereinsplaner\/\">Weiterlesen &gt;&gt;<\/a><\/article><\/div><\/div><div class=\"stk-block-posts__item\"><div class=\"stk-container stk-ff0a10c-container stk--no-background stk--no-padding\"><article><a href=\"https:\/\/asvi.at\/index.php\/2023\/09\/23\/trainingsangebot-ab-herbst-2023\/\" class=\"stk-block-posts__image-link\"><\/a><h3 class=\"stk-block-posts__title\"><a href='https:\/\/asvi.at\/index.php\/2023\/09\/23\/trainingsangebot-ab-herbst-2023\/'>Trainingsangebot ab Herbst 2023<\/a><\/h3><aside class=\"stk-block-posts__meta stk-subtitle\"><span>admin<\/span><span class=\"stk-block-posts__meta-sep\">|<\/span><time datetime=\"2023-09-23T13:02:42+00:00\">September 23, 2023<\/time><\/aside><div class=\"stk-block-posts__excerpt\"><p>Anbei findet ihr unser umfangreiches Trainingsangebot der Sektionen Schi und&#8230;<\/div><a class=\"stk-block-posts__readmore\" href=\"https:\/\/asvi.at\/index.php\/2023\/09\/23\/trainingsangebot-ab-herbst-2023\/\">Weiterlesen &gt;&gt;<\/a><\/article><\/div><\/div><div class=\"stk-block-posts__item\"><div class=\"stk-container stk-ff0a10c-container stk--no-background stk--no-padding\"><article><a href=\"https:\/\/asvi.at\/index.php\/2023\/01\/04\/termine-leichtathletik-gymnastik\/\" class=\"stk-block-posts__image-link\"><\/a><h3 class=\"stk-block-posts__title\"><a href='https:\/\/asvi.at\/index.php\/2023\/01\/04\/termine-leichtathletik-gymnastik\/'>Termine Leichtathletik-Gymnastik<\/a><\/h3><aside class=\"stk-block-posts__meta stk-subtitle\"><span>Birgit<\/span><span class=\"stk-block-posts__meta-sep\">|<\/span><time datetime=\"2023-01-04T15:17:44+00:00\">Januar 4, 2023<\/time><\/aside><div class=\"stk-block-posts__excerpt\"><p>Neues Jahr, Neue Termine. Ich sende euch den vorl\u00e4ufigen Terminkalender&#8230;<\/div><a class=\"stk-block-posts__readmore\" href=\"https:\/\/asvi.at\/index.php\/2023\/01\/04\/termine-leichtathletik-gymnastik\/\">Weiterlesen &gt;&gt;<\/a><\/article><\/div><\/div><div class=\"stk-block-posts__item\"><div class=\"stk-container stk-ff0a10c-container stk--no-background stk--no-padding\"><article><a href=\"https:\/\/asvi.at\/index.php\/2018\/02\/05\/kids-cup-04-02-2018-wub-halle-innsbruck\/\" class=\"stk-block-posts__image-link\"><\/a><h3 class=\"stk-block-posts__title\"><a href='https:\/\/asvi.at\/index.php\/2018\/02\/05\/kids-cup-04-02-2018-wub-halle-innsbruck\/'>Kid`s Cup 04. 02. 2018 WUB Halle Innsbruck<\/a><\/h3><aside class=\"stk-block-posts__meta stk-subtitle\"><span>Birgit<\/span><span class=\"stk-block-posts__meta-sep\">|<\/span><time datetime=\"2018-02-05T06:00:00+00:00\">Februar 5, 2018<\/time><\/aside><div class=\"stk-block-posts__excerpt\"><p>Acht Jugendliche nahmen am gut besetzten Kid`s Cup in Innsbruck&#8230;<\/div><a class=\"stk-block-posts__readmore\" href=\"https:\/\/asvi.at\/index.php\/2018\/02\/05\/kids-cup-04-02-2018-wub-halle-innsbruck\/\">Weiterlesen &gt;&gt;<\/a><\/article><\/div><\/div><div class=\"stk-block-posts__item\"><div class=\"stk-container stk-ff0a10c-container stk--no-background stk--no-padding\"><article><a href=\"https:\/\/asvi.at\/index.php\/2017\/06\/09\/tiroler-hammerwurfmeisterschaften-09-juni-in-inzing\/\" class=\"stk-block-posts__image-link\"><\/a><h3 class=\"stk-block-posts__title\"><a href='https:\/\/asvi.at\/index.php\/2017\/06\/09\/tiroler-hammerwurfmeisterschaften-09-juni-in-inzing\/'>Tiroler Hammerwurfmeisterschaften 09. Juni in Inzing<\/a><\/h3><aside class=\"stk-block-posts__meta stk-subtitle\"><span>Birgit<\/span><span class=\"stk-block-posts__meta-sep\">|<\/span><time datetime=\"2017-06-09T08:00:00+00:00\">Juni 9, 2017<\/time><\/aside><div class=\"stk-block-posts__excerpt\"><p>Zu einem sportlich gro\u00dfen Erfolg gestaltete sich die heurige Tiroler&#8230;<\/div><a class=\"stk-block-posts__readmore\" href=\"https:\/\/asvi.at\/index.php\/2017\/06\/09\/tiroler-hammerwurfmeisterschaften-09-juni-in-inzing\/\">Weiterlesen &gt;&gt;<\/a><\/article><\/div><\/div><div class=\"stk-block-posts__item\"><div class=\"stk-container stk-ff0a10c-container stk--no-background stk--no-padding\"><article><a href=\"https:\/\/asvi.at\/index.php\/2017\/01\/14\/eroeffnungsmeeting-14-01-2017-wub-halle-innsbruck\/\" class=\"stk-block-posts__image-link\"><\/a><h3 class=\"stk-block-posts__title\"><a href='https:\/\/asvi.at\/index.php\/2017\/01\/14\/eroeffnungsmeeting-14-01-2017-wub-halle-innsbruck\/'>Er\u00f6ffnungsmeeting 14. 01. 2017 WUB Halle Innsbruck<\/a><\/h3><aside class=\"stk-block-posts__meta stk-subtitle\"><span>Birgit<\/span><span class=\"stk-block-posts__meta-sep\">|<\/span><time datetime=\"2017-01-14T08:00:00+00:00\">Januar 14, 2017<\/time><\/aside><div class=\"stk-block-posts__excerpt\"><p>LA Saisonstart 2017 Die neue Hallensaison in der Tiroler Leichtathletik&#8230;<\/div><a class=\"stk-block-posts__readmore\" href=\"https:\/\/asvi.at\/index.php\/2017\/01\/14\/eroeffnungsmeeting-14-01-2017-wub-halle-innsbruck\/\">Weiterlesen &gt;&gt;<\/a><\/article><\/div><\/div><\/div><div class=\"stk-inner-blocks\"><\/div><\/div><\/div>\n\n\n\n<p><\/p>\n","protected":false},"excerpt":{"rendered":"<p>Unser Trainingsangebot: Damenturnen Bauch Beine Po und Co, abwechslungsreiche Turneinheiten speziell f\u00fcr die angesprochenen K\u00f6rperzonen mit ausgebildeter \u201eFit f\u00fcr \u00d6sterreich\u201c Trainerin Margit. Ort: Turnhalle&nbsp;Neue Mittelschule&nbsp;Inzing immer am Montag &#8211; von Oktober bis Ende April um 19:30 Uhr Herrenturnen Fit durchs Jahr. Herrenturnen,&nbsp;Ganzk\u00f6rpergymnastik f\u00fcr Jung und Alt mit &#8222;Fit f\u00fcr \u00d6sterreich&#8220; Trainer Herbert. Zur Abrundung der&hellip;&nbsp;<a href=\"https:\/\/asvi.at\/index.php\/leichtathletik-gymnastik\/\" class=\"\" rel=\"bookmark\">Weiterlesen &raquo;<span class=\"screen-reader-text\">Leichtathletik &#038; Gymnastik<\/span><\/a><\/p>\n","protected":false},"author":1,"featured_media":0,"parent":0,"menu_order":0,"comment_status":"closed","ping_status":"closed","template":"","meta":{"neve_meta_sidebar":"","neve_meta_container":"","neve_meta_enable_content_width":"","neve_meta_content_width":0,"neve_meta_title_alignment":"","neve_meta_author_avatar":"","neve_post_elements_order":"","neve_meta_disable_header":"","neve_meta_disable_footer":"","neve_meta_disable_title":"","footnotes":""},"class_list":["post-411","page","type-page","status-publish","hentry"],"featured_image_urls":{"full":"","thumbnail":"","medium":"","medium_large":"","large":"","1536x1536":"","2048x2048":"","neve-blog":""},"post_excerpt_stackable":"<p>Unser Trainingsangebot: Damenturnen Bauch Beine Po und Co, abwechslungsreiche Turneinheiten speziell f\u00fcr die angesprochenen K\u00f6rperzonen mit ausgebildeter \u201eFit f\u00fcr \u00d6sterreich\u201c Trainerin Margit. Ort: Turnhalle&nbsp;Neue Mittelschule&nbsp;Inzing immer am Montag &#8211; von Oktober bis Ende April um 19:30 Uhr Herrenturnen Fit durchs Jahr. Herrenturnen,&nbsp;Ganzk\u00f6rpergymnastik f\u00fcr Jung und Alt mit &#8222;Fit f\u00fcr \u00d6sterreich&#8220; Trainer Herbert. Zur Abrundung der Trainingseinheiten werden&nbsp;Ballspiele durchgef\u00fchrt. Ort: Turnhalle Neue Mittelschule Inzing immer am Montag &#8211; von Oktober bis Ende April um 20:15 Uhr ausgebucht &#8211; Nachwuchs &#8211; Kinderturnen &#8211; ausgebucht Nachwuchstraining mit Felix und Emanuel am Donnerstag (w\u00e4hrend den Schulzeiten) von 18:00 bis 19:00 Uhr im Mehrzwecksaal der&hellip;<\/p>\n","category_list":"","author_info":{"name":"admin","url":"https:\/\/asvi.at\/index.php\/author\/asvi-admin\/"},"comments_num":"0 comments","jetpack_sharing_enabled":true,"_links":{"self":[{"href":"https:\/\/asvi.at\/index.php\/wp-json\/wp\/v2\/pages\/411","targetHints":{"allow":["GET"]}}],"collection":[{"href":"https:\/\/asvi.at\/index.php\/wp-json\/wp\/v2\/pages"}],"about":[{"href":"https:\/\/asvi.at\/index.php\/wp-json\/wp\/v2\/types\/page"}],"author":[{"embeddable":true,"href":"https:\/\/asvi.at\/index.php\/wp-json\/wp\/v2\/users\/1"}],"replies":[{"embeddable":true,"href":"https:\/\/asvi.at\/index.php\/wp-json\/wp\/v2\/comments?post=411"}],"version-history":[{"count":24,"href":"https:\/\/asvi.at\/index.php\/wp-json\/wp\/v2\/pages\/411\/revisions"}],"predecessor-version":[{"id":1530,"href":"https:\/\/asvi.at\/index.php\/wp-json\/wp\/v2\/pages\/411\/revisions\/1530"}],"wp:attachment":[{"href":"https:\/\/asvi.at\/index.php\/wp-json\/wp\/v2\/media?parent=411"}],"curies":[{"name":"wp","href":"https:\/\/api.w.org\/{rel}","templated":true}]}}